{"id":1987,"date":"2020-04-12T16:24:00","date_gmt":"2020-04-12T15:24:00","guid":{"rendered":"https:\/\/uhqeb-grenoble.fr\/?page_id=1987"},"modified":"2020-11-04T19:33:29","modified_gmt":"2020-11-04T18:33:29","slug":"projet-jean-perrot","status":"publish","type":"page","link":"https:\/\/uhqeb-grenoble.fr\/?page_id=1987","title":{"rendered":"Projet pour l&#8217;axe Jean Perrot"},"content":{"rendered":"\n<div class=\"wp-block-image\"><figure class=\"alignright size-large\"><img loading=\"lazy\" decoding=\"async\" width=\"184\" height=\"285\" src=\"https:\/\/uhqeb-grenoble.fr\/wp-content\/uploads\/2020\/01\/travauxJPerrot201912.jpg\" alt=\"\" class=\"wp-image-1736\"\/><figcaption>Jean Perrot<\/figcaption><\/figure><\/div>\n\n\n\n<p>Jean Perrot est un axe structurant de notre quartier, il a aujourd&#8217;hui, \u00e9t\u00e9 redessin\u00e9 au nord pour int\u00e9grer la piste Chronov\u00e9lo,<strong> mais quelle suite donner \u00e0 cet am\u00e9nagement ?<\/strong><\/p>\n\n\n\n<p>La configuration de l&#8217;avenue change par la suite. L&#8217;espace de fa\u00e7ade \u00e0 fa\u00e7ade est plus r\u00e9duit. En effet la largeur de voirie est r\u00e9duite de l&#8217;\u00e9quivalent d&#8217;une voie de circulation au-del\u00e0 du boulevard Clemenceau. Il convient donc de r\u00e9fl\u00e9chir \u00e0 la suite \u00e0 donner \u00e0 l&#8217;am\u00e9nagement du nord de l&#8217;avenue dans la mesure o\u00f9 le m\u00eame plan ne peut pas \u00eatre poursuivi.<\/p>\n\n\n\n<p><strong>Plusieurs choix font rapidement surfaces :<\/strong><\/p>\n\n\n\n<ul class=\"wp-block-list\"><li>Conserver deux voies de circulation pour la ligne de bus Chrono ? ?<\/li><li>Conserver au moins une voie de circulation automobile ? ?<\/li><li>Installer des bornes de recharge rapide pour v\u00e9hicules \u00e9lectriques (par exemple dans le socle de nouveaux m\u00e2ts de lampadaires), pr\u00e8s des zones de commerces ? <\/li><li>Rendre l&#8217;avenue interdite aux v\u00e9hicules pour ins\u00e9rer l&#8217;axe Chronov\u00e9lo et l&#8217;axe Chronobus (si les voies sont \u00e0 usage strict) ?<\/li><li>Ins\u00e9rer une nouvelle voie Chronov\u00e9lo poursuivant le parcours de la ligne ? d\u00e9j\u00e0 d\u00e9but\u00e9e au nord en conservant une voie bus d\u00e9di\u00e9e et en laissant une seule voie mixte Bus et circulation automobile dans l&#8217;autre sens ?<\/li><li>Supprimer les possibilit\u00e9s de stationnement le long de l&#8217;axe et privil\u00e9gier le stationnement ? dans les voies perpendiculaires ?<\/li><li>Cr\u00e9er un \u00e9largissement des trottoirs et ins\u00e9rer de la v\u00e9g\u00e9tations (arbres, bosquets, fleurs, bancs et fontaines \u26f2)?<\/li><li>Mutualiser l&#8217;usage des voies bus avec la  pratique du v\u00e9lo ?<\/li><li>Supprimer la circulation automobile sur certains tron\u00e7ons pour permettre la cr\u00e9ation d&#8217;arr\u00eats de bus en face \u00e0 face dans le cas de deux voies bus accol\u00e9es ?<\/li><li>Ou cr\u00e9er des arr\u00eats de bus en quinconce pour conserver une voie de circulation sur l&#8217;ensemble de l&#8217;axe ?<\/li><\/ul>\n\n\n\n<blockquote class=\"wp-block-quote is-layout-flow wp-block-quote-is-layout-flow\"><p>Nous avons plusieurs \u00e9l\u00e9ments sur la table, notre objectif est de permettre \u00e9galement la revitalisation de l&#8217;avenue en cr\u00e9ant des zones concentrant les services (autour des futurs arr\u00eats de bus ? ?).<\/p><\/blockquote>\n\n\n\n<p><strong>Plusieurs zones sont possibles :<\/strong><\/p>\n\n\n\n<ul class=\"wp-block-list\"><li>Au Nord au niveau du boulevard Clemenceau (proximit\u00e9 Villa Arthaud et commerces de l&#8217;avenue Albert 1er de Belgique)<\/li><li>Au croisement avec la rue Moyrand (proximit\u00e9 de la Pharmacie)<\/li><li>Au croisement du chemin Bourgelat (coiffeur, restauration rapide, boulangerie-p\u00e2tisserie)<\/li><li>Au croisement avec la rue Leroy (nouveau commerce au num\u00e9ro 58, garage Olympique et proximit\u00e9 Square Bajati\u00e8re et Verger Jean Perrot)<\/li><li>Au croisement de la rue Station Ponsard (commerce d&#8217;alcool, locaux disponibles, ancienne maison des habitants et centre social)<\/li><\/ul>\n\n\n\n<p><strong>En compl\u00e9ment, un local donnant directement sur l&#8217;avenue pourrait \u00eatre mis \u00e0 disposition de l&#8217;union de Quartier. <\/strong>Nous pourrions alors cr\u00e9er un lieu d&#8217;\u00e9changes et de rencontres conviviales sur l&#8217;avenue pour tous les habitants. En plus de permettre une information visible de tous (cette nouvelle vitrine permettrait d&#8217;afficher les derni\u00e8res actualit\u00e9s du quartier),<\/p>\n\n\n\n<div class=\"wp-block-image\"><figure class=\"alignleft size-thumbnail\"><img loading=\"lazy\" decoding=\"async\" width=\"150\" height=\"150\" src=\"https:\/\/uhqeb-grenoble.fr\/wp-content\/uploads\/2020\/06\/Panier_legumes-150x150.jpg\" alt=\"\" class=\"wp-image-2381\" srcset=\"https:\/\/uhqeb-grenoble.fr\/wp-content\/uploads\/2020\/06\/Panier_legumes-150x150.jpg 150w, https:\/\/uhqeb-grenoble.fr\/wp-content\/uploads\/2020\/06\/Panier_legumes-300x300.jpg 300w\" sizes=\"auto, (max-width: 150px) 100vw, 150px\" \/><\/figure><\/div>\n\n\n\n<div class=\"wp-block-group\"><div class=\"wp-block-group__inner-container is-layout-flow wp-block-group-is-layout-flow\">\n<div class=\"wp-block-image\"><figure class=\"alignright is-resized\"><img loading=\"lazy\" decoding=\"async\" src=\"https:\/\/can01.anibis.ch\/Services-professionnels-Atelier-reparation-velo\/?380x285\/0\/60\/anibis\/105\/989\/031\/uDRbK1hKSUepHGm-3C6gWA_1.jpg\" alt=\"Atelier r\u00e9paration v\u00e9lo\" width=\"203\" height=\"152\"\/><\/figure><\/div>\n<\/div><\/div>\n\n\n\n<p> cet <strong>espace au centre du quartier <\/strong>permettrait aussi la cr\u00e9ation de nouveaux services et activit\u00e9s pour l&#8217;association.  Nous pourrions devenir une conciergerie de quartier et proposer la r\u00e9ception de colis, l&#8217;aide pour faire le lien avec des personnes fiables pour la garde d&#8217;enfants, des petits bricolages, coutures &#8230; faire des actions entretiens\/r\u00e9parations v\u00e9los\/trottinettes, et distribuer des paniers de fruits &amp; l\u00e9gumes locaux et de qualit\u00e9 ! <\/p>\n\n\n\n<div class=\"wp-block-image\"><figure class=\"alignright size-thumbnail\"><img loading=\"lazy\" decoding=\"async\" width=\"150\" height=\"150\" src=\"https:\/\/uhqeb-grenoble.fr\/wp-content\/uploads\/2020\/06\/colis-livraison-150x150.jpg\" alt=\"\" class=\"wp-image-2387\" srcset=\"https:\/\/uhqeb-grenoble.fr\/wp-content\/uploads\/2020\/06\/colis-livraison-150x150.jpg 150w, https:\/\/uhqeb-grenoble.fr\/wp-content\/uploads\/2020\/06\/colis-livraison-300x300.jpg 300w\" sizes=\"auto, (max-width: 150px) 100vw, 150px\" \/><\/figure><\/div>\n\n\n\n<div class=\"wp-block-image\"><figure class=\"aligncenter size-medium\"><img loading=\"lazy\" decoding=\"async\" width=\"300\" height=\"200\" src=\"https:\/\/uhqeb-grenoble.fr\/wp-content\/uploads\/2020\/06\/vitrineQuartier-300x200.jpg\" alt=\"\" class=\"wp-image-2380\" srcset=\"https:\/\/uhqeb-grenoble.fr\/wp-content\/uploads\/2020\/06\/vitrineQuartier-300x200.jpg 300w, https:\/\/uhqeb-grenoble.fr\/wp-content\/uploads\/2020\/06\/vitrineQuartier-1024x683.jpg 1024w, https:\/\/uhqeb-grenoble.fr\/wp-content\/uploads\/2020\/06\/vitrineQuartier-768x512.jpg 768w, https:\/\/uhqeb-grenoble.fr\/wp-content\/uploads\/2020\/06\/vitrineQuartier-1536x1024.jpg 1536w, https:\/\/uhqeb-grenoble.fr\/wp-content\/uploads\/2020\/06\/vitrineQuartier-2048x1365.jpg 2048w, https:\/\/uhqeb-grenoble.fr\/wp-content\/uploads\/2020\/06\/vitrineQuartier-465x310.jpg 465w, https:\/\/uhqeb-grenoble.fr\/wp-content\/uploads\/2020\/06\/vitrineQuartier-695x463.jpg 695w\" sizes=\"auto, (max-width: 300px) 100vw, 300px\" \/><\/figure><\/div>\n\n\n\n<p><strong>L&#8217;union de quartier pourrait ainsi prendre part \u00e0 la redynamisation de l&#8217;avenue et du quartier ! <\/strong><\/p>\n\n\n\n<blockquote class=\"wp-block-quote is-layout-flow wp-block-quote-is-layout-flow\"><p>Vu les r\u00e9cents \u00e9v\u00e9nements sanitaires des trottoirs larges doivent \u00eatre privil\u00e9gi\u00e9s (largeur &gt; 2,5 m). De plus, pour rendre le cheminement agr\u00e9able l&#8217;\u00e9t\u00e9 une grande place doit \u00eatre d\u00e9volue \u00e0 la nature. Tant au niveau de la verdure pour l&#8217;ombrage qu&#8217;au niveau de la r\u00e9\u00e9mergence de l&#8217;eau pour se rafra\u00eechir.<\/p><cite>Guy Waltisperger <\/cite><\/blockquote>\n\n\n\n<p><strong>Nos r\u00e9flexions peuvent par exemple nous amener \u00e0 une proposition suivante:<\/strong><\/p>\n\n\n\n<p>Une proposition \u00e0 d\u00e9battre ensemble pourrait \u00eatre de passer d&#8217;une avenue telle que ceci:<\/p>\n\n\n\n<figure class=\"wp-block-image size-large is-resized\"><img loading=\"lazy\" decoding=\"async\" src=\"https:\/\/uhqeb-grenoble.fr\/wp-content\/uploads\/2020\/04\/Screenshot_20200416-085235-1024x576.png\" alt=\"\" class=\"wp-image-2170\" width=\"393\" height=\"221\" srcset=\"https:\/\/uhqeb-grenoble.fr\/wp-content\/uploads\/2020\/04\/Screenshot_20200416-085235-1024x576.png 1024w, https:\/\/uhqeb-grenoble.fr\/wp-content\/uploads\/2020\/04\/Screenshot_20200416-085235-300x169.png 300w, https:\/\/uhqeb-grenoble.fr\/wp-content\/uploads\/2020\/04\/Screenshot_20200416-085235-768x432.png 768w, https:\/\/uhqeb-grenoble.fr\/wp-content\/uploads\/2020\/04\/Screenshot_20200416-085235-1280x720.png 1280w, https:\/\/uhqeb-grenoble.fr\/wp-content\/uploads\/2020\/04\/Screenshot_20200416-085235-1536x864.png 1536w, https:\/\/uhqeb-grenoble.fr\/wp-content\/uploads\/2020\/04\/Screenshot_20200416-085235-465x262.png 465w, https:\/\/uhqeb-grenoble.fr\/wp-content\/uploads\/2020\/04\/Screenshot_20200416-085235-695x391.png 695w, https:\/\/uhqeb-grenoble.fr\/wp-content\/uploads\/2020\/04\/Screenshot_20200416-085235.png 1920w\" sizes=\"auto, (max-width: 393px) 100vw, 393px\" \/><figcaption>Avenue Jean Perrot en 2020<\/figcaption><\/figure>\n\n\n\n<p>a une avenue beaucoup plus verte gr\u00e2ce \u00e0 l&#8217;insertion d&#8217;une bande cyclable perm\u00e9able (constitu\u00e9 de dalles alv\u00e9olaires et gazons) et d&#8217;un alignement d&#8217;arbres central, ce qui donnerait le projet suivant : <\/p>\n\n\n\n<figure class=\"wp-block-image size-large is-resized\"><img loading=\"lazy\" decoding=\"async\" src=\"https:\/\/uhqeb-grenoble.fr\/wp-content\/uploads\/2020\/06\/DSC_0736_LightJP1Central-2-653x1024.jpg\" alt=\"\" class=\"wp-image-2384\" width=\"703\" height=\"1102\" srcset=\"https:\/\/uhqeb-grenoble.fr\/wp-content\/uploads\/2020\/06\/DSC_0736_LightJP1Central-2-653x1024.jpg 653w, https:\/\/uhqeb-grenoble.fr\/wp-content\/uploads\/2020\/06\/DSC_0736_LightJP1Central-2-191x300.jpg 191w, https:\/\/uhqeb-grenoble.fr\/wp-content\/uploads\/2020\/06\/DSC_0736_LightJP1Central-2-768x1205.jpg 768w, https:\/\/uhqeb-grenoble.fr\/wp-content\/uploads\/2020\/06\/DSC_0736_LightJP1Central-2-979x1536.jpg 979w, https:\/\/uhqeb-grenoble.fr\/wp-content\/uploads\/2020\/06\/DSC_0736_LightJP1Central-2-1306x2048.jpg 1306w, https:\/\/uhqeb-grenoble.fr\/wp-content\/uploads\/2020\/06\/DSC_0736_LightJP1Central-2-351x550.jpg 351w, https:\/\/uhqeb-grenoble.fr\/wp-content\/uploads\/2020\/06\/DSC_0736_LightJP1Central-2-319x500.jpg 319w, https:\/\/uhqeb-grenoble.fr\/wp-content\/uploads\/2020\/06\/DSC_0736_LightJP1Central-2-scaled.jpg 1632w\" sizes=\"auto, (max-width: 703px) 100vw, 703px\" \/><figcaption>Possibilit\u00e9 d&#8217;am\u00e9nagement de Jean Perrot<\/figcaption><\/figure>\n\n\n\n<blockquote class=\"wp-block-quote is-layout-flow wp-block-quote-is-layout-flow\"><p>De plus, suite \u00e0 l&#8217;insertion de la &#8220;Tempo v\u00e9lo&#8221; sur Jean Perrot, et pour faciliter la travers\u00e9e pi\u00e9tonne, la r\u00e9flexion du passage de l&#8217;avenue \u00e0 30km\/h peut-\u00eatre pos\u00e9e. En compl\u00e9ment, cela facilitera l&#8217;insertion des v\u00e9los sur la voie nouvelle voie centrale Chronov\u00e9lo, en effet, la limitation \u00e0 30km\/h permettrait de faciliter l&#8217;insertion et l&#8217;extraction des v\u00e9los avec d&#8217;avantage de s\u00e9curit\u00e9. <\/p><cite>Guy Waltisperger<\/cite><\/blockquote>\n\n\n\n<p><strong>Des r\u00e9flexions du m\u00eame type on lieu pour les axes Clemenceau et Marcelin  Berthelot<\/strong>.<\/p>\n","protected":false},"excerpt":{"rendered":"<p>Jean Perrot est un axe structurant de notre quartier, il a aujourd&#8217;hui, \u00e9t\u00e9 redessin\u00e9 au nord pour int\u00e9grer la piste Chronov\u00e9lo, mais quelle suite donner \u00e0 cet am\u00e9nagement ? La configuration de l&#8217;avenue change par la suite. L&#8217;espace de fa\u00e7ade \u00e0 fa\u00e7ade est plus r\u00e9duit. En effet la largeur de<span class=\"more-link\"><a href=\"https:\/\/uhqeb-grenoble.fr\/?page_id=1987\">Lire la suite<\/a><\/span><\/p>\n","protected":false},"author":1,"featured_media":0,"parent":0,"menu_order":0,"comment_status":"open","ping_status":"closed","template":"","meta":{"footnotes":""},"class_list":["entry","author-parcmistral","post-1987","page","type-page","status-publish"],"post_mailing_queue_ids":[],"_links":{"self":[{"href":"https:\/\/uhqeb-grenoble.fr\/index.php?rest_route=\/wp\/v2\/pages\/1987","targetHints":{"allow":["GET"]}}],"collection":[{"href":"https:\/\/uhqeb-grenoble.fr\/index.php?rest_route=\/wp\/v2\/pages"}],"about":[{"href":"https:\/\/uhqeb-grenoble.fr\/index.php?rest_route=\/wp\/v2\/types\/page"}],"author":[{"embeddable":true,"href":"https:\/\/uhqeb-grenoble.fr\/index.php?rest_route=\/wp\/v2\/users\/1"}],"replies":[{"embeddable":true,"href":"https:\/\/uhqeb-grenoble.fr\/index.php?rest_route=%2Fwp%2Fv2%2Fcomments&post=1987"}],"version-history":[{"count":23,"href":"https:\/\/uhqeb-grenoble.fr\/index.php?rest_route=\/wp\/v2\/pages\/1987\/revisions"}],"predecessor-version":[{"id":2509,"href":"https:\/\/uhqeb-grenoble.fr\/index.php?rest_route=\/wp\/v2\/pages\/1987\/revisions\/2509"}],"wp:attachment":[{"href":"https:\/\/uhqeb-grenoble.fr\/index.php?rest_route=%2Fwp%2Fv2%2Fmedia&parent=1987"}],"curies":[{"name":"wp","href":"https:\/\/api.w.org\/{rel}","templated":true}]}}