{"id":1634,"date":"2019-12-04T19:42:13","date_gmt":"2019-12-04T18:42:13","guid":{"rendered":"https:\/\/uhqebgrenoble.live-website.com\/?page_id=1634"},"modified":"2025-10-09T14:08:48","modified_gmt":"2025-10-09T13:08:48","slug":"accueil","status":"publish","type":"page","link":"https:\/\/uhqeb-grenoble.fr\/?page_id=1634","title":{"rendered":"L&#8217;association"},"content":{"rendered":"\n<p>Depuis 60 ans, l&#8217;UHQEB, association loi de 1901, est \u00e0 l&#8217;\u00e9coute des habitants et de leurs pr\u00e9occupations dans toutes les facettes de la vie du quartier. C&#8217;est \u00e9galement une force de proposition et d&#8217;intervention aupr\u00e8s de nos interlocuteurs, en particulier la Ville de Grenoble.<\/p>\n\n\n\n<p> Les personnes se r\u00e9unissent pour r\u00e9agir aux derniers \u00e9v\u00e8nements qui concernent le quartier, apr\u00e8s les discussions amicales entre membres nous \u00e9laborons des plans d&#8217;action partag\u00e9s.<\/p>\n\n\n\n<div class=\"wp-block-file\"><a id=\"wp-block-file--media-b576047c-8437-4b97-ad50-8f1c55b3052c\" href=\"https:\/\/uhqeb-grenoble.fr\/wp-content\/uploads\/2020\/12\/livret.pdf\">livret_accueil <\/a><a href=\"https:\/\/uhqeb-grenoble.fr\/wp-content\/uploads\/2020\/12\/livret.pdf\" class=\"wp-block-file__button wp-element-button\" download aria-describedby=\"wp-block-file--media-b576047c-8437-4b97-ad50-8f1c55b3052c\">T\u00e9l\u00e9charger<\/a><\/div>\n\n\n\n<p><strong>Venez au&nbsp;local de l&#8217;UHQEB au 8 rue de la Station Ponsard Grenoble, 1<sup>er<\/sup>&nbsp;\u00e9tage \u2013 permanence de 9h \u00e0 10h les mardis hors cong\u00e9s scolaires<\/strong><\/p>\n\n\n\n<p class=\"has-vivid-green-cyan-background-color has-background\">pour adh\u00e9rer voir la section <strong>&#8220;C- Conditions d&#8217;adh\u00e9sion&#8221;  <\/strong>et compl\u00e9ter le  -&gt;&nbsp;<a href=\"https:\/\/uhqeb-grenoble.fr\/wp-content\/uploads\/2021\/05\/2021-adhesion-001-001.jpg\" data-type=\"URL\">bulletin d\u2019adh\u00e9sion<\/a><\/p>\n\n\n\n<h1 class=\"wp-block-heading\">Qui sommes-nous?<\/h1>\n\n\n\n<p><strong>ANNEE<\/strong> <strong>2024<\/strong><\/p>\n\n\n\n<p><strong>Conseil d&#8217;administration :<\/strong><\/p>\n\n\n\n<p><strong>Groupes de travail et ateliers<\/strong> &#8220;Projets&#8221; :<\/p>\n\n\n\n<figure class=\"wp-block-table is-style-stripes\"><table><tbody><tr><td><strong>Bureau<\/strong>:<\/td><td><\/td><\/tr><tr><td>Guy WALTISPERGER<\/td><td><a href=\"https:\/\/uhqeb-grenoble.fr\/wp-content\/uploads\/2020\/04\/FichesMissionPRESIDENT.pdf\" target=\"_blank\" rel=\"noreferrer noopener\">Pr\u00e9sident(Def.R\u00f4le)<\/a> <\/td><\/tr><tr><td>Danielle GUIGUET<\/td><td><a href=\"https:\/\/uhqeb-grenoble.fr\/wp-content\/uploads\/2020\/04\/FicheMissionVicePRESIDENT.pdf\" target=\"_blank\" rel=\"noreferrer noopener\">Vice-pr\u00e9sidente(Def.R\u00f4le)<\/a> <a href=\"https:\/\/uhqeb-grenoble.fr\/wp-content\/uploads\/2020\/04\/FicheMissionTRESORIER.pdf\" target=\"_blank\" rel=\"noreferrer noopener\">Tr\u00e9sori\u00e8re(Def.R\u00f4le)<\/a><\/td><\/tr><tr><td>Thierry SOTTO<\/td><td><a href=\"https:\/\/uhqeb-grenoble.fr\/wp-content\/uploads\/2020\/04\/FicheMissionVicePRESIDENT.pdf\" target=\"_blank\" rel=\"noreferrer noopener\">Vice-pr\u00e9sident(Def.R\u00f4le)<\/a><\/td><\/tr><tr><td><\/td><td><\/td><\/tr><tr><td><\/td><td><\/td><\/tr><tr><td><strong> Administrateurs<\/strong>:<\/td><td><\/td><\/tr><tr><td>Jean-Pierre CANDELLA<\/td><td><\/td><\/tr><tr><td>Maryse CHENAL<\/td><td><\/td><\/tr><tr><td>Colombe et Ren\u00e9 CESARINI          Pr\u00e9sidents honoraires<br>Michel FRUNEAU<br>Danielle GUIGUET<\/td><td><br><\/td><\/tr><tr><td>Alexandre LANGENIEUX<br>Marie Pierre MARTIN<br>Jean-Pierre MALDJIAN<\/td><td><\/td><\/tr><tr><td>Pierre MITZNER<\/td><td>Pr\u00e9sident Honoraire<\/td><\/tr><tr><td>Thierry SOTTO<\/td><td><\/td><\/tr><tr><td><\/td><td><\/td><\/tr><\/tbody><\/table><\/figure>\n\n\n\n<figure class=\"wp-block-table is-style-stripes\"><table><tbody><tr><td class=\"has-text-align-left\" data-align=\"left\"><strong>Nom de l&#8217;atelier &#8220;Projet&#8221;<\/strong>:<\/td><td><a rel=\"noreferrer noopener\" href=\"https:\/\/uhqeb-grenoble.fr\/wp-content\/uploads\/2020\/04\/FicheMissionRespCOMMISSION.pdf\" target=\"_blank\">Responsable(Def.R\u00f4le)<\/a><\/td><\/tr><tr><td class=\"has-text-align-left\" data-align=\"left\">      <a href=\"https:\/\/uhqeb-grenoble.fr\/commissions-et-projets\/projet-jean-perrot\">Jean PERROT _(Lien_Projet)<\/a><\/td><td>Guy Waltisperger<\/td><\/tr><tr><td class=\"has-text-align-left\" data-align=\"left\"><\/td><td><\/td><\/tr><tr><td class=\"has-text-align-left\" data-align=\"left\"><a href=\"https:\/\/uhqeb-grenoble.fr\/commissions-et-projets\/projet-lycee-mounier\">      Lyc\u00e9e Mounier_(Lien_Projet)<\/a><\/td><td>Thierry SOTTO<\/td><\/tr><tr><td class=\"has-text-align-left\" data-align=\"left\">Am\u00e9nagement Peretto<\/td><td>Alexandre Lang\u00e9nieux<\/td><\/tr><tr><td class=\"has-text-align-left\" data-align=\"left\">      PLUI<\/td><td> Jean Pierre CANDELLA<\/td><\/tr><\/tbody><\/table><\/figure>\n\n\n\n<p><strong>ADHERENTS<\/strong><\/p>\n\n\n\n<p>Pour \u00eatre adh\u00e9rent, il faut :<\/p>\n\n\n\n<ul class=\"wp-block-list\">\n<li>Avoir son domicile principal dans le quartier&nbsp;(voir-&gt; <a rel=\"noreferrer noopener\" href=\"https:\/\/uhqeb-grenoble.fr\/contact\" target=\"_blank\">plan du quartier<\/a>) <\/li>\n\n\n\n<li>Avoir r\u00e9gl\u00e9 le montant de la cotisation annuelle (voir-&gt; <a href=\"https:\/\/uhqeb-grenoble.fr\/wp-content\/uploads\/2019\/12\/CaptureBul.png\">bulletin d&#8217;adh\u00e9sion<\/a>)&nbsp;<\/li>\n<\/ul>\n\n\n\n<p class=\"has-medium-font-size\"><strong>EXTRAIT DES STATUTS<\/strong><\/p>\n\n\n\n<p><strong><span style=\"color:#0693e3\" class=\"tadv-color\">A &#8211; COMPOSITION DE L&#8217;ASSOCIATION<\/span><\/strong><\/p>\n\n\n\n<p> ****      <strong><em>Le Conseil d&#8217;administration :<\/em><\/strong><\/p>\n\n\n\n<p>L&#8217;Union des Habitants du Quartier est administr\u00e9e par un conseil d&#8217;administration de 30 membres maximum, \u00e9lus par l\u2019assembl\u00e9e g\u00e9n\u00e9rale statutaire, il se r\u00e9unit tous les deux mois ; il est ouvert \u00e0 tous les habitants du quartier.<\/p>\n\n\n\n<p>***      <strong><em>Le Bureau :<\/em><\/strong><\/p>\n\n\n\n<p>Le Bureau, 15 membres maximum,&nbsp; \u00e9lus par le conseil d&#8217;administration, se r\u00e9unit \u00e9galement tous les deux mois, en alternance avec le C.A. Il ex\u00e9cute les d\u00e9cisions du C.A. et assure le fonctionnement normal de l&#8217;Union des Habitants du Quartier.<\/p>\n\n\n\n<p>***      <strong><em>Les commissions et groupe de travail :<\/em><\/strong><\/p>\n\n\n\n<p>Les commissions se r\u00e9unissent de mani\u00e8re ponctuelle, en pr\u00e9sence des adh\u00e9rents qui en font la demande :<\/p>\n\n\n\n<ul class=\"wp-block-list\">\n<li>&#8211; Action sociale, culturelle<\/li>\n\n\n\n<li>&#8211; Cadre de vie<\/li>\n\n\n\n<li>&#8211; Circulation-Transports-Voirie<\/li>\n\n\n\n<li>&#8211; Urbanisme-Projet de quartier-Patrimoine<\/li>\n\n\n\n<li>&#8211; Information \/ Communication.<\/li>\n<\/ul>\n\n\n\n<p>Les \u00e9ventuels groupes de travail sont constitu\u00e9s selon les besoins.<\/p>\n\n\n\n<p><strong><span style=\"color:#0693e3\" class=\"tadv-color\">B- LES BUTS DE L&#8217;ASSOCIATION<\/span><\/strong><\/p>\n\n\n\n<p>L&#8217;Union des Habitants du Quartier Exposition-Bajati\u00e8re fut cr\u00e9\u00e9e en 1960 par un groupe de b\u00e9n\u00e9voles.<\/p>\n\n\n\n<p>Elle permet aux habitants de participer activement \u00e0 la vie de la cit\u00e9, en discutant autour d&#8217;une table des probl\u00e8mes qui se posent au niveau du quartier.<\/p>\n\n\n\n<p>Selon les statuts (loi de 1901), l&#8217;association a pour objet de :<\/p>\n\n\n\n<ul class=\"wp-block-list\">\n<li>susciter la r\u00e9flexion et la concertation des habitants du quartier, sur les probl\u00e8mes d&#8217;int\u00e9r\u00eat g\u00e9n\u00e9ral : urbanisme, \u00e9quipement, circulation, environnement, nuisances, action sociale et culturelle, solidarit\u00e9, \u00e9ducation, sant\u00e9, information, etc\u2026<\/li>\n\n\n\n<li>repr\u00e9senter et d\u00e9fendre, vis-\u00e0-vis des administrations publiques, des tribunaux et de toutes les collectivit\u00e9s, les int\u00e9r\u00eats g\u00e9n\u00e9raux de ses membres.<\/li>\n\n\n\n<li>constituer suivant le cas une force de proposition ou de pression aupr\u00e8s des pouvoirs publics et des \u00e9lus.<\/li>\n\n\n\n<li>favoriser l&#8217;\u00e9tude et la r\u00e9alisation de tout projet susceptible d&#8217;am\u00e9liorer les conditions de vie des habitants et le d\u00e9veloppement du quartier,<\/li>\n\n\n\n<li>travailler en \u00e9troite collaboration avec d&#8217;autres associations ayant des objectifs similaires.<\/li>\n\n\n\n<li>A noter : L&#8217;association est repr\u00e9sent\u00e9e au sein du Comit\u00e9 de Liaison des Unions de Quartier (CLUQ) et de LAHGGLO dont les si\u00e8ges sont 6, rue du 4 Septembre \u00e0 Grenoble, qui regroupent les Unions de Quartier de Grenoble et de l&#8217;agglom\u00e9ration.<\/li>\n<\/ul>\n\n\n\n<p><strong><span style=\"color:#0693e3\" class=\"tadv-color\">C- Conditions d&#8217;adh\u00e9sion :<\/span><\/strong><\/p>\n\n\n\n<ul class=\"wp-block-list\">\n<li>Avoir son domicile principal dans le quartier&nbsp;(voir-&gt; <a rel=\"noreferrer noopener\" href=\"https:\/\/uhqeb-grenoble.fr\/contact\" target=\"_blank\">plan du quartier<\/a>)<\/li>\n\n\n\n<li>Avoir r\u00e9gl\u00e9 le montant de la cotisation annuelle (voir-&gt; <a href=\"https:\/\/uhqeb-grenoble.fr\/wp-content\/uploads\/2019\/12\/CaptureBul.png\">bulletin d&#8217;adh\u00e9sion<\/a>)<\/li>\n<\/ul>\n\n\n\n<p>Libeller le ch\u00e8que \u00e0 l&#8217;ordre de : <strong>Union de Quartier Exposition-Bajati\u00e8re CCP 1254-82 B Grenoble<\/strong><\/p>\n\n\n\n<p>Faites parvenir votre r\u00e8glement au si\u00e8ge \u00e0 l&#8217;adresse suivante : <strong>UHQEB (Maison des Habitants) 79, avenue Jean Perrot 38100 Grenoble<\/strong><\/p>\n\n\n\n<p class=\"has-medium-font-size\"><strong>Nous rencontrer :<\/strong><\/p>\n\n\n\n<ul class=\"wp-block-list\">\n<li>lors de nos permanences les mardis durant les p\u00e9riodes scolaires de 10h \u00e0 11h,<\/li>\n\n\n\n<li>\u00e0 notre local au 8 rue de la Station Ponsard 1<sup>er<\/sup>&nbsp;\u00e9tage,<\/li>\n\n\n\n<li>ou sur rendez-vous, joignez-nous au t\u00e9l\u00e9phone-r\u00e9pondeur  +33 4 76 63 89 73.<\/li>\n<\/ul>\n\n\n\n<p><\/p>\n","protected":false},"excerpt":{"rendered":"<p>Depuis 60 ans, l&#8217;UHQEB, association loi de 1901, est \u00e0 l&#8217;\u00e9coute des habitants et de leurs pr\u00e9occupations dans toutes les facettes de la vie du quartier. C&#8217;est \u00e9galement une force de proposition et d&#8217;intervention aupr\u00e8s de nos interlocuteurs, en particulier la Ville de Grenoble. Les personnes se r\u00e9unissent pour r\u00e9agir<span class=\"more-link\"><a href=\"https:\/\/uhqeb-grenoble.fr\/?page_id=1634\">Lire la suite<\/a><\/span><\/p>\n","protected":false},"author":1,"featured_media":0,"parent":0,"menu_order":0,"comment_status":"closed","ping_status":"closed","template":"","meta":{"footnotes":""},"class_list":["entry","author-parcmistral","post-1634","page","type-page","status-publish"],"post_mailing_queue_ids":[],"_links":{"self":[{"href":"https:\/\/uhqeb-grenoble.fr\/index.php?rest_route=\/wp\/v2\/pages\/1634","targetHints":{"allow":["GET"]}}],"collection":[{"href":"https:\/\/uhqeb-grenoble.fr\/index.php?rest_route=\/wp\/v2\/pages"}],"about":[{"href":"https:\/\/uhqeb-grenoble.fr\/index.php?rest_route=\/wp\/v2\/types\/page"}],"author":[{"embeddable":true,"href":"https:\/\/uhqeb-grenoble.fr\/index.php?rest_route=\/wp\/v2\/users\/1"}],"replies":[{"embeddable":true,"href":"https:\/\/uhqeb-grenoble.fr\/index.php?rest_route=%2Fwp%2Fv2%2Fcomments&post=1634"}],"version-history":[{"count":47,"href":"https:\/\/uhqeb-grenoble.fr\/index.php?rest_route=\/wp\/v2\/pages\/1634\/revisions"}],"predecessor-version":[{"id":3084,"href":"https:\/\/uhqeb-grenoble.fr\/index.php?rest_route=\/wp\/v2\/pages\/1634\/revisions\/3084"}],"wp:attachment":[{"href":"https:\/\/uhqeb-grenoble.fr\/index.php?rest_route=%2Fwp%2Fv2%2Fmedia&parent=1634"}],"curies":[{"name":"wp","href":"https:\/\/api.w.org\/{rel}","templated":true}]}}